{"id":1313,"date":"2024-06-06T15:48:52","date_gmt":"2024-06-06T13:48:52","guid":{"rendered":"https:\/\/plural-words.eu\/partnerow\/"},"modified":"2025-05-06T11:56:22","modified_gmt":"2025-05-06T09:56:22","slug":"partnerow","status":"publish","type":"page","link":"https:\/\/plural-words.eu\/pl\/partnerow\/","title":{"rendered":"Partner\u00f3w"},"content":{"rendered":"<p>[et_pb_section fb_built=&#8221;1&#8243; _builder_version=&#8221;4.25.1&#8243; _module_preset=&#8221;default&#8221; global_colors_info=&#8221;{}&#8221;][et_pb_row _builder_version=&#8221;4.25.1&#8243; _module_preset=&#8221;default&#8221; global_colors_info=&#8221;{}&#8221;][et_pb_column type=&#8221;4_4&#8243; _builder_version=&#8221;4.25.1&#8243; _module_preset=&#8221;default&#8221; global_colors_info=&#8221;{}&#8221;][et_pb_post_title _builder_version=&#8221;4.25.2&#8243; _module_preset=&#8221;34e9e634-2c29-41a2-9b54-bdfb0cfc3379&#8243; title_text_color_tablet=&#8221;#FF5B00&#8243; title_text_color_last_edited=&#8221;off|desktop&#8221; global_colors_info=&#8221;{}&#8221;][\/et_pb_post_title][\/et_pb_column][\/et_pb_row][et_pb_row column_structure=&#8221;1_3,2_3&#8243; _builder_version=&#8221;4.25.1&#8243; _module_preset=&#8221;default&#8221; custom_padding=&#8221;0px||100px||false|false&#8221; global_colors_info=&#8221;{}&#8221;][et_pb_column type=&#8221;1_3&#8243; _builder_version=&#8221;4.25.1&#8243; _module_preset=&#8221;default&#8221; global_colors_info=&#8221;{}&#8221;][et_pb_image src=&#8221;https:\/\/plural-words.eu\/wp-content\/uploads\/2024\/06\/lesapprimeurs.png&#8221; alt=&#8221;Les Apprimeurs&#8221; title_text=&#8221;lesapprimeurs&#8221; _builder_version=&#8221;4.25.1&#8243; _module_preset=&#8221;814679dd-6bfb-4f6f-baa3-671eb3cdaafb&#8221; global_colors_info=&#8221;{}&#8221;][\/et_pb_image][\/et_pb_column][et_pb_column type=&#8221;2_3&#8243; _builder_version=&#8221;4.25.1&#8243; _module_preset=&#8221;default&#8221; global_colors_info=&#8221;{}&#8221;][et_pb_text _builder_version=&#8221;4.25.2&#8243; _module_preset=&#8221;a521cfd3-fdf7-4eef-9dca-f9464af66f6d&#8221; global_colors_info=&#8221;{}&#8221;]<\/p>\n<h2>Les Apprimeurs<\/h2>\n<p><strong>Francja<\/strong><\/p>\n<p>[\/et_pb_text][et_pb_text _builder_version=&#8221;4.25.2&#8243; _module_preset=&#8221;a521cfd3-fdf7-4eef-9dca-f9464af66f6d&#8221; text_text_color=&#8221;rgba(0,0,0,0.65)&#8221; max_width=&#8221;700px&#8221; custom_margin=&#8221;1rem||||false|false&#8221; global_colors_info=&#8221;{}&#8221;]<\/p>\n<p>Les Apprimeurs to francuska firma specjalizuj\u0105ca si\u0119 w tworzeniu dostosowanych do potrzeb rozwi\u0105za\u0144 cyfrowych dla sektora edukacji, kultury i szkole\u0144. Dzia\u0142amy na rzecz promowania umiej\u0119tno\u015bci podstawowych i mi\u0119kkich oraz dost\u0119pu do wiedzy dla wszystkich poprzez szkolenia, warsztaty, interaktywne ebooki i rozw\u00f3j platform.<\/p>\n<p>[\/et_pb_text][et_pb_button button_url=&#8221;https:\/\/lesapprimeurs.com&#8221; url_new_window=&#8221;on&#8221; button_text=&#8221;Dowiedz si\u0119 wi\u0119cej&#8221; _builder_version=&#8221;4.25.2&#8243; _module_preset=&#8221;59703af6-0dcc-4b40-9345-e0182a57e9bf&#8221; custom_margin=&#8221;30px||||false|false&#8221; global_colors_info=&#8221;{}&#8221;][\/et_pb_button][\/et_pb_column][\/et_pb_row][et_pb_row column_structure=&#8221;1_3,2_3&#8243; _builder_version=&#8221;4.25.1&#8243; _module_preset=&#8221;default&#8221; custom_padding=&#8221;100px||100px||true|false&#8221; border_width_top=&#8221;1px&#8221; border_color_top=&#8221;rgba(0,0,0,0.65)&#8221; global_colors_info=&#8221;{}&#8221;][et_pb_column type=&#8221;1_3&#8243; _builder_version=&#8221;4.25.1&#8243; _module_preset=&#8221;default&#8221; global_colors_info=&#8221;{}&#8221;][et_pb_image src=&#8221;https:\/\/plural-words.eu\/wp-content\/uploads\/2024\/06\/logopsycom.png&#8221; alt=&#8221;Logopsycom&#8221; title_text=&#8221;logopsycom&#8221; _builder_version=&#8221;4.25.1&#8243; _module_preset=&#8221;814679dd-6bfb-4f6f-baa3-671eb3cdaafb&#8221; global_colors_info=&#8221;{}&#8221;][\/et_pb_image][\/et_pb_column][et_pb_column type=&#8221;2_3&#8243; _builder_version=&#8221;4.25.1&#8243; _module_preset=&#8221;default&#8221; global_colors_info=&#8221;{}&#8221;][et_pb_text _builder_version=&#8221;4.25.1&#8243; _module_preset=&#8221;default&#8221; global_colors_info=&#8221;{}&#8221;]<\/p>\n<h2>Logopsycom<\/h2>\n<p><strong>Belgia<\/strong><\/p>\n<p>[\/et_pb_text][et_pb_text _builder_version=&#8221;4.27.4&#8243; _module_preset=&#8221;default&#8221; text_text_color=&#8221;rgba(0,0,0,0.65)&#8221; max_width=&#8221;700px&#8221; custom_margin=&#8221;1rem||||false|false&#8221; hover_enabled=&#8221;0&#8243; global_colors_info=&#8221;{}&#8221; sticky_enabled=&#8221;0&#8243;]<\/p>\n<p>Logopsycom to centrum innowacji edukacyjnych, kt\u00f3re tworzy i wykorzystuje alternatywne metody lub narz\u0119dzia (cyfrowe lub nie), aby towarzyszy\u0107 szko\u0142om, o\u015brodkom kszta\u0142cenia i szkolenia zawodowego, organizacjom edukacyjnym, m\u0142odzie\u017cy i rodzicom. Pocz\u0105tkowo zosta\u0142a stworzona jako firma opieku\u0144cza, specjalizuj\u0105ca si\u0119 w zaburzeniach uczenia si\u0119, w\u015br\u00f3d m\u0142odzie\u017cy, zw\u0142aszcza w \u201eDys\u201d (dyspraksja, dysfazja, dysleksja itp.), zwana r\u00f3wnie\u017c specyficznymi zaburzeniami uczenia si\u0119 (SZU) i dlatego zawsze pracuje nad dost\u0119pno\u015bci\u0105 tre\u015bci. <\/p>\n<p>[\/et_pb_text][et_pb_button button_url=&#8221;https:\/\/logopsycom.com&#8221; url_new_window=&#8221;on&#8221; button_text=&#8221;Dowiedz si\u0119 wi\u0119cej&#8221; _builder_version=&#8221;4.25.1&#8243; _module_preset=&#8221;default&#8221; custom_margin=&#8221;30px||||false|false&#8221; global_colors_info=&#8221;{}&#8221;][\/et_pb_button][\/et_pb_column][\/et_pb_row][et_pb_row column_structure=&#8221;1_3,2_3&#8243; _builder_version=&#8221;4.25.1&#8243; _module_preset=&#8221;default&#8221; custom_padding=&#8221;100px||100px||true|false&#8221; border_width_top=&#8221;1px&#8221; border_color_top=&#8221;rgba(0,0,0,0.65)&#8221; global_colors_info=&#8221;{}&#8221;][et_pb_column type=&#8221;1_3&#8243; _builder_version=&#8221;4.25.1&#8243; _module_preset=&#8221;default&#8221; global_colors_info=&#8221;{}&#8221;][et_pb_image src=&#8221;https:\/\/plural-words.eu\/wp-content\/uploads\/2024\/06\/osnovna-skola-josipa-matosa-vukovar.png&#8221; alt=&#8221;Osnovna \u0161kola Josipa Mato\u0161a Vukovar&#8221; title_text=&#8221;osnovna-skola-josipa-matosa-vukovar&#8221; _builder_version=&#8221;4.25.1&#8243; _module_preset=&#8221;814679dd-6bfb-4f6f-baa3-671eb3cdaafb&#8221; global_colors_info=&#8221;{}&#8221;][\/et_pb_image][\/et_pb_column][et_pb_column type=&#8221;2_3&#8243; _builder_version=&#8221;4.25.1&#8243; _module_preset=&#8221;default&#8221; global_colors_info=&#8221;{}&#8221;][et_pb_text _builder_version=&#8221;4.25.1&#8243; _module_preset=&#8221;default&#8221; global_colors_info=&#8221;{}&#8221;]<\/p>\n<h2>Osnovna \u0161kola Josipa Mato\u0161a Vukovar<\/h2>\n<p><strong>Chorwacja<\/strong><\/p>\n<p>[\/et_pb_text][et_pb_text disabled_on=&#8221;on|on|on&#8221; _builder_version=&#8221;4.25.2&#8243; _module_preset=&#8221;default&#8221; text_text_color=&#8221;rgba(0,0,0,0.65)&#8221; max_width=&#8221;700px&#8221; custom_margin=&#8221;1rem||||false|false&#8221; disabled=&#8221;on&#8221; global_colors_info=&#8221;{}&#8221;]<\/p>\n<p>Dzi\u0119ki do\u015bwiadczeniu w innowacyjnych zasobach edukacyjnych i spersonalizowanym nauczaniu priorytetowo traktujemy potrzeby u\u017cytkownik\u00f3w ko\u0144cowych. Dzi\u0119ki do\u015bwiadczeniu w innowacyjnych zasobach edukacyjnych i spersonalizowanym nauczaniu priorytetowo traktujemy potrzeby u\u017cytkownik\u00f3w ko\u0144cowych.<\/p>\n<p>[\/et_pb_text][et_pb_button button_url=&#8221;http:\/\/os-jmatosa-vu.skole.hr&#8221; url_new_window=&#8221;on&#8221; button_text=&#8221;Dowiedz si\u0119 wi\u0119cej&#8221; _builder_version=&#8221;4.25.1&#8243; _module_preset=&#8221;default&#8221; custom_margin=&#8221;30px||||false|false&#8221; global_colors_info=&#8221;{}&#8221;][\/et_pb_button][\/et_pb_column][\/et_pb_row][et_pb_row column_structure=&#8221;1_3,2_3&#8243; _builder_version=&#8221;4.25.1&#8243; _module_preset=&#8221;default&#8221; custom_padding=&#8221;100px||100px||true|false&#8221; border_width_top=&#8221;1px&#8221; border_color_top=&#8221;rgba(0,0,0,0.65)&#8221; global_colors_info=&#8221;{}&#8221;][et_pb_column type=&#8221;1_3&#8243; _builder_version=&#8221;4.25.1&#8243; _module_preset=&#8221;default&#8221; global_colors_info=&#8221;{}&#8221;][et_pb_image src=&#8221;https:\/\/plural-words.eu\/wp-content\/uploads\/2024\/06\/liceul-tehnologic-special-pentru-deficienti-de-auz-cluj-napoca.png&#8221; alt=&#8221;Liceul Tehnologic Special pentru Deficienti de Auz Cluj-Napoca&#8221; title_text=&#8221;liceul-tehnologic-special-pentru-deficienti-de-auz -cluj-napoca&#8221; _builder_version=&#8221;4.25.1&#8243; _module_preset=&#8221;814679dd-6bfb-4f6f-baa3-671eb3cdaafb&#8221; global_colors_info=&#8221;{}&#8221;][\/et_pb_image][\/et_pb_column][et_pb_column type=&#8221;2_3&#8243; _builder_version=&#8221;4.25.1&#8243; _module_preset=&#8221;default&#8221; global_colors_info=&#8221;{}&#8221;][et_pb_text _builder_version=&#8221;4.25.1&#8243; _module_preset=&#8221;default&#8221; global_colors_info=&#8221;{}&#8221;]<\/p>\n<h2>Liceul Tehnologic Special pentru Deficienti de Auz Cluj-Napoca<\/h2>\n<p><strong>Rumunia<\/strong><\/p>\n<p>[\/et_pb_text][et_pb_text disabled_on=&#8221;off|off|off&#8221; _builder_version=&#8221;4.25.2&#8243; _module_preset=&#8221;default&#8221; text_text_color=&#8221;rgba(0,0,0,0.65)&#8221; max_width=&#8221;700px&#8221; custom_margin=&#8221;1rem||||false|false&#8221; global_colors_info=&#8221;{}&#8221;]<\/p>\n<p>Liceul Tehnologic Special pentru Deficien\u021bi de Auz Cluj-Napoca to instytucja publiczna z ponad 135-letnim do\u015bwiadczeniem w dziedzinie edukacji i rehabilitacji dzieci z wadami s\u0142uchu i\/lub dodatkowymi niepe\u0142nosprawno\u015bciami. Oferuje us\u0142ugi edukacyjne i terapeutyczne dla dzieci i uczni\u00f3w od wczesnej interwencji do szko\u0142y \u015bredniej: programy edukacyjne, specjalne zaj\u0119cia terapeutyczne, kompleksowe i zintegrowane terapie, zaj\u0119cia pozalekcyjne (wolontariat, wymiany m\u0142odzie\u017cy w ramach projekt\u00f3w Erasmus +, praca spo\u0142eczna, rozw\u00f3j przedsi\u0119biorczo\u015bci, umiej\u0119tno\u015bci artystyczne i sportowe). W zale\u017cno\u015bci od specyfiki niepe\u0142nosprawno\u015bci, podej\u015bcie edukacyjne \u0142\u0105czy terapi\u0119 s\u0142uchowo-werbaln\u0105, j\u0119zyk migowy, alfabet daktylograficzny, czytanie z ruchu warg i komunikacj\u0119 totaln\u0105. Dzia\u0142ania opracowane w plac\u00f3wce zaspokajaj\u0105 edukacyjne, emocjonalne i spo\u0142eczne potrzeby dzieci i uczni\u00f3w, aby u\u0142atwi\u0107 jak najlepsz\u0105 integracj\u0119 spo\u0142eczn\u0105.<\/p>\n<p>[\/et_pb_text][et_pb_button button_url=&#8221;http:\/\/www.licdefauzcluj.ro&#8221; url_new_window=&#8221;on&#8221; button_text=&#8221;Dowiedz si\u0119 wi\u0119cej&#8221; _builder_version=&#8221;4.25.1&#8243; _module_preset=&#8221;default&#8221; custom_margin=&#8221;30px||||false|false&#8221; global_colors_info=&#8221;{}&#8221;][\/et_pb_button][\/et_pb_column][\/et_pb_row][et_pb_row column_structure=&#8221;1_3,2_3&#8243; _builder_version=&#8221;4.25.1&#8243; _module_preset=&#8221;default&#8221; custom_padding=&#8221;100px||100px||true|false&#8221; border_width_top=&#8221;1px&#8221; border_color_top=&#8221;rgba(0,0,0,0.65)&#8221; global_colors_info=&#8221;{}&#8221;][et_pb_column type=&#8221;1_3&#8243; _builder_version=&#8221;4.25.1&#8243; _module_preset=&#8221;default&#8221; global_colors_info=&#8221;{}&#8221;][et_pb_image src=&#8221;https:\/\/plural-words.eu\/wp-content\/uploads\/2024\/06\/specjalny-osrodek-szkolno-wychowawczy-im-unicef-w-slupsku.png&#8221; alt=&#8221;Specjalny O\u015brodek Szkolno-Wychowawczy im. UNICEF w S\u0142upsku&#8221; title_text=&#8221;specjalny-osrodek-szkolno-wychowawczy-im-unicef-w-slupsku&#8221; _builder_version=&#8221;4.25.1&#8243; _module_preset=&#8221;814679dd-6bfb-4f6f-baa3-671eb3cdaafb&#8221; global_colors_info=&#8221;{}&#8221;][\/et_pb_image][\/et_pb_column][et_pb_column type=&#8221;2_3&#8243; _builder_version=&#8221;4.25.1&#8243; _module_preset=&#8221;default&#8221; global_colors_info=&#8221;{}&#8221;][et_pb_text _builder_version=&#8221;4.25.1&#8243; _module_preset=&#8221;default&#8221; global_colors_info=&#8221;{}&#8221;]<\/p>\n<h2>Specjalny O\u015brodek Szkolno-Wychowawczy im. UNICEF w S\u0142upsku<\/h2>\n<p><strong>Polska<\/strong><\/p>\n<p>[\/et_pb_text][et_pb_text disabled_on=&#8221;on|on|on&#8221; _builder_version=&#8221;4.25.2&#8243; _module_preset=&#8221;default&#8221; text_text_color=&#8221;rgba(0,0,0,0.65)&#8221; max_width=&#8221;700px&#8221; custom_margin=&#8221;1rem||||false|false&#8221; disabled=&#8221;on&#8221; global_colors_info=&#8221;{}&#8221;]<\/p>\n<p>Dzi\u0119ki do\u015bwiadczeniu w innowacyjnych zasobach edukacyjnych i spersonalizowanym nauczaniu priorytetowo traktujemy potrzeby u\u017cytkownik\u00f3w ko\u0144cowych. Dzi\u0119ki do\u015bwiadczeniu w innowacyjnych zasobach edukacyjnych i spersonalizowanym nauczaniu priorytetowo traktujemy potrzeby u\u017cytkownik\u00f3w ko\u0144cowych.<\/p>\n<p>[\/et_pb_text][et_pb_button button_url=&#8221;https:\/\/www.sosw.slupsk.pl&#8221; url_new_window=&#8221;on&#8221; button_text=&#8221;Dowiedz si\u0119 wi\u0119cej&#8221; _builder_version=&#8221;4.25.1&#8243; _module_preset=&#8221;default&#8221; custom_margin=&#8221;30px||||false|false&#8221; global_colors_info=&#8221;{}&#8221;][\/et_pb_button][\/et_pb_column][\/et_pb_row][et_pb_row column_structure=&#8221;1_3,2_3&#8243; _builder_version=&#8221;4.25.1&#8243; _module_preset=&#8221;default&#8221; custom_padding=&#8221;100px||100px||true|false&#8221; border_width_top=&#8221;1px&#8221; border_color_top=&#8221;rgba(0,0,0,0.65)&#8221; global_colors_info=&#8221;{}&#8221;][et_pb_column type=&#8221;1_3&#8243; _builder_version=&#8221;4.25.1&#8243; _module_preset=&#8221;default&#8221; global_colors_info=&#8221;{}&#8221;][et_pb_image src=&#8221;https:\/\/plural-words.eu\/wp-content\/uploads\/2024\/06\/euphoria.png&#8221; alt=&#8221;Euphoria Net&#8221; title_text=&#8221;euphoria&#8221; _builder_version=&#8221;4.25.1&#8243; _module_preset=&#8221;814679dd-6bfb-4f6f-baa3-671eb3cdaafb&#8221; global_colors_info=&#8221;{}&#8221;][\/et_pb_image][\/et_pb_column][et_pb_column type=&#8221;2_3&#8243; _builder_version=&#8221;4.25.1&#8243; _module_preset=&#8221;default&#8221; global_colors_info=&#8221;{}&#8221;][et_pb_text _builder_version=&#8221;4.25.1&#8243; _module_preset=&#8221;default&#8221; global_colors_info=&#8221;{}&#8221;]<\/p>\n<h2>Euphoria Net Srl<\/h2>\n<p><strong>W\u0142ochy<\/strong><\/p>\n<p>[\/et_pb_text][et_pb_text disabled_on=&#8221;off|off|off&#8221; _builder_version=&#8221;4.27.4&#8243; _module_preset=&#8221;default&#8221; text_text_color=&#8221;rgba(0,0,0,0.65)&#8221; max_width=&#8221;700px&#8221; custom_margin=&#8221;1rem||||false|false&#8221; hover_enabled=&#8221;0&#8243; global_colors_info=&#8221;{}&#8221; sticky_enabled=&#8221;0&#8243;]<\/p>\n<p>Euphoria Net to w\u0142oska firma specjalizuj\u0105ca si\u0119 w mo\u017cliwo\u015bciach UE, koncentruj\u0105ca si\u0119 na planowaniu, wdra\u017caniu, rozpowszechnianiu i raportowaniu projekt\u00f3w mi\u0119dzynarodowych. Dzi\u0119ki do\u015bwiadczeniu w innowacyjnych zasobach edukacyjnych i spersonalizowanym nauczaniu priorytetowo traktujemy potrzeby u\u017cytkownik\u00f3w ko\u0144cowych. Aktywnie przyczyniamy si\u0119 do rozwoju projekt\u00f3w, k\u0142ad\u0105c nacisk na zasoby pedagogiczne i pozostaj\u0105c na bie\u017c\u0105co w cyfrowym krajobrazie edukacyjnym.  <\/p>\n<p>[\/et_pb_text][et_pb_button button_url=&#8221;https:\/\/euphorianet.it&#8221; url_new_window=&#8221;on&#8221; button_text=&#8221;Dowiedz si\u0119 wi\u0119cej&#8221; _builder_version=&#8221;4.25.1&#8243; _module_preset=&#8221;default&#8221; custom_margin=&#8221;30px||||false|false&#8221; global_colors_info=&#8221;{}&#8221;][\/et_pb_button][\/et_pb_column][\/et_pb_row][et_pb_row _builder_version=&#8221;4.25.1&#8243; _module_preset=&#8221;default&#8221; custom_padding=&#8221;100px||0px||false|false&#8221; border_width_top=&#8221;1px&#8221; border_color_top=&#8221;rgba(0,0,0,0.65)&#8221; global_colors_info=&#8221;{}&#8221;][et_pb_column type=&#8221;4_4&#8243; _builder_version=&#8221;4.25.1&#8243; _module_preset=&#8221;default&#8221; global_colors_info=&#8221;{}&#8221;][et_pb_text _builder_version=&#8221;4.25.1&#8243; _module_preset=&#8221;default&#8221; global_colors_info=&#8221;{}&#8221;]<\/p>\n<h2>Partnerzy stowarzyszeni<strong><\/strong><\/h2>\n<p>[\/et_pb_text][\/et_pb_column][\/et_pb_row][et_pb_row column_structure=&#8221;1_3,2_3&#8243; _builder_version=&#8221;4.25.1&#8243; _module_preset=&#8221;default&#8221; custom_padding=&#8221;100px||0px||false|false&#8221; global_colors_info=&#8221;{}&#8221;][et_pb_column type=&#8221;1_3&#8243; _builder_version=&#8221;4.25.1&#8243; _module_preset=&#8221;default&#8221; global_colors_info=&#8221;{}&#8221;][et_pb_image src=&#8221;https:\/\/plural-words.eu\/wp-content\/uploads\/2024\/06\/montessori-rive-gauche.png&#8221; alt=&#8221;Montessori Rive Gauche&#8221; title_text=&#8221;montessori-rive-gauche&#8221; _builder_version=&#8221;4.25.1&#8243; _module_preset=&#8221;814679dd-6bfb-4f6f-baa3-671eb3cdaafb&#8221; global_colors_info=&#8221;{}&#8221;][\/et_pb_image][\/et_pb_column][et_pb_column type=&#8221;2_3&#8243; _builder_version=&#8221;4.25.1&#8243; _module_preset=&#8221;default&#8221; global_colors_info=&#8221;{}&#8221;][et_pb_text _builder_version=&#8221;4.25.2&#8243; _module_preset=&#8221;default&#8221; global_colors_info=&#8221;{}&#8221;]<\/p>\n<h3>Montessori rive gauche<\/h3>\n<p><strong>Szwajcaria<\/strong><\/p>\n<p>[\/et_pb_text][et_pb_text _builder_version=&#8221;4.25.2&#8243; _module_preset=&#8221;default&#8221; text_text_color=&#8221;rgba(0,0,0,0.65)&#8221; max_width=&#8221;700px&#8221; custom_margin=&#8221;1rem||||false|false&#8221; global_colors_info=&#8221;{}&#8221;]<\/p>\n<p>Montessori Rive Gauche do\u0142\u0105czy\u0142a do grona partner\u00f3w stowarzyszonych dzi\u0119ki dofinansowaniu Movetia.<\/p>\n<p>[\/et_pb_text][et_pb_button button_url=&#8221;https:\/\/www.montessori-rive-gauche.ch&#8221; url_new_window=&#8221;on&#8221; button_text=&#8221;Dowiedz si\u0119 wi\u0119cej&#8221; _builder_version=&#8221;4.25.1&#8243; _module_preset=&#8221;default&#8221; custom_margin=&#8221;30px||||false|false&#8221; global_colors_info=&#8221;{}&#8221;][\/et_pb_button][\/et_pb_column][\/et_pb_row][\/et_pb_section]<\/p>\n","protected":false},"excerpt":{"rendered":"<p>Les Apprimeurs FrancjaLes Apprimeurs to francuska firma specjalizuj\u0105ca si\u0119 w tworzeniu dostosowanych do potrzeb rozwi\u0105za\u0144 cyfrowych dla sektora edukacji, kultury i szkole\u0144. Dzia\u0142amy na rzecz promowania umiej\u0119tno\u015bci podstawowych i mi\u0119kkich oraz dost\u0119pu do wiedzy dla wszystkich poprzez szkolenia, warsztaty, interaktywne ebooki i rozw\u00f3j platform.Logopsycom BelgiaLogopsycom to centrum innowacji edukacyjnych, kt\u00f3re tworzy i wykorzystuje alternatywne metody [&hellip;]<\/p>\n","protected":false},"author":1,"featured_media":0,"parent":0,"menu_order":0,"comment_status":"closed","ping_status":"closed","template":"","meta":{"_acf_changed":false,"_et_pb_use_builder":"on","_et_pb_old_content":"","_et_gb_content_width":"","footnotes":""},"class_list":["post-1313","page","type-page","status-publish","hentry"],"acf":[],"_links":{"self":[{"href":"https:\/\/plural-words.eu\/pl\/wp-json\/wp\/v2\/pages\/1313","targetHints":{"allow":["GET"]}}],"collection":[{"href":"https:\/\/plural-words.eu\/pl\/wp-json\/wp\/v2\/pages"}],"about":[{"href":"https:\/\/plural-words.eu\/pl\/wp-json\/wp\/v2\/types\/page"}],"author":[{"embeddable":true,"href":"https:\/\/plural-words.eu\/pl\/wp-json\/wp\/v2\/users\/1"}],"replies":[{"embeddable":true,"href":"https:\/\/plural-words.eu\/pl\/wp-json\/wp\/v2\/comments?post=1313"}],"version-history":[{"count":8,"href":"https:\/\/plural-words.eu\/pl\/wp-json\/wp\/v2\/pages\/1313\/revisions"}],"predecessor-version":[{"id":3019,"href":"https:\/\/plural-words.eu\/pl\/wp-json\/wp\/v2\/pages\/1313\/revisions\/3019"}],"wp:attachment":[{"href":"https:\/\/plural-words.eu\/pl\/wp-json\/wp\/v2\/media?parent=1313"}],"curies":[{"name":"wp","href":"https:\/\/api.w.org\/{rel}","templated":true}]}}