{"id":1288,"date":"2024-06-06T15:48:30","date_gmt":"2024-06-06T13:48:30","guid":{"rendered":"https:\/\/plural-words.eu\/proiectul\/"},"modified":"2025-05-26T09:46:35","modified_gmt":"2025-05-26T07:46:35","slug":"proiectul","status":"publish","type":"page","link":"https:\/\/plural-words.eu\/ro\/proiectul\/","title":{"rendered":"Proiectul"},"content":{"rendered":"\n<p>\u00cen zilele noastre, multe persoane se confrunt\u0103 \u00eenc\u0103 cu marginalizarea \u00een comunicare. Fie c\u0103 este vorba de persoane cu dificult\u0103\u021bi de vorbire sau cu dizabilit\u0103\u021bi de vorbire, deficien\u021be de auz, autism, sindromul Down sau persoane care vorbesc o alt\u0103 limb\u0103 matern\u0103, <strong>comunicarea r\u0103m\u00e2ne complex\u0103 \u0219i exclusiv\u0103. <\/strong><\/p>\n\n<p>\u00cen consecin\u021b\u0103, CAA (comunicare alternativ\u0103 \u0219i augmentativ\u0103) pare a fi solu\u021bia perfect\u0103 pentru a asigura fiec\u0103rui persoane posibilitatea de a-\u0219i exprima nevoile \u0219i emo\u021biile. CAA le permite persoanelor s\u0103 comunice cu cei din jurul lor \u0219i s\u0103 nu fie marginalizate.<\/p>\n\n<p>Plural Words este un proiect european care are ca scop:<\/p>\n\n<ul class=\"wp-block-list\">\n<li><strong>cre\u0219terea gradului de con\u0219tientizare<\/strong> cu privire la CAA \u0219i popularizarea acestei metode;<\/li>\n\n\n\n<li><strong>\u00eenl\u0103turarea stigmatiz\u0103rii<\/strong> problemelor de comunicare \u0219i <strong>eliminarea prejudec\u0103\u021bilor<\/strong> legate de CAA;<\/li>\n\n\n\n<li><strong>promovarea <\/strong> utiliz\u0103rii CAA \u00een \u0219colile primare \u0219i gimnaziale <strong>pentru to\u021bi copiii. <\/strong><\/li>\n<\/ul>\n\n<h2 class=\"wp-block-heading\">Angajamentul Parteneriatului<\/h2>\n\n<p>Pentru a atinge acest obiectiv, partenerii lucreaz\u0103 la crearea unor resurse diverse:<\/p>\n\n<ul class=\"wp-block-list\">\n<li><strong>Pachete cu resurse CAA<\/strong> &#8211; care con\u021bin diferite resurse CAA pe teme de alfabetizare, matematic\u0103 \u0219i via\u021ba de zi cu zi.<\/li>\n\n\n\n<li><strong>Un modul de E-learning<\/strong> &#8211; Pentru a instrui profesioni\u0219tii din educa\u021bie cu privire la CAA \u0219i la tulbur\u0103rile de comunicare<\/li>\n\n\n\n<li><strong>Un ghid pedagogic<\/strong> &#8211; pentru profesorii din \u00eenv\u0103\u021b\u0103m\u00e2ntul primar \u0219i din \u00eenv\u0103\u021b\u0103m\u00e2ntul pre\u0219colar care doresc s\u0103 se familiarizeze cu domeniul fascinant al CAA.<\/li>\n\n\n\n<li><strong>9 fi\u0219e pedagogice pentru profesioni\u0219ti <\/strong> &#8211; Pentru a sprijini implementarea pachetelor cu resurse \u00een practica zilnic\u0103.<\/li>\n\n\n\n<li><strong>O colec\u021bie de bune practici<\/strong> &#8211; Pentru a v\u0103 inspira de la organiza\u021biile, profesioni\u0219tii \u0219i ac\u021biunile inovatoare \u0219i pline de inspira\u021bie \u00een domeniul CAA din Europa.<\/li>\n<\/ul>\n\n<p>Credem cu t\u0103rie c\u0103 o comunicare incluziv\u0103 ar trebui s\u0103 fie \u00eenv\u0103\u021bat\u0103 \u00eenc\u0103 din copil\u0103rie, pentru a asigura o mai bun\u0103 incluziune nu doar \u00een \u0219coal\u0103, ci \u0219i \u00een societatea noastr\u0103. Dotarea copiilor de la cea mai fraged\u0103 v\u00e2rst\u0103 cu diverse instrumente de comunicare \u00eei preg\u0103te\u0219te pe ace\u0219tia pentru a avea o mai mare autonomie prin autoexprimare \u0219i autorealizare.<\/p>\n\n<h2 class=\"wp-block-heading\">Suport \u0219i finan\u021bare<\/h2>\n\n<p>Proiectul Plural Words este sus\u021binut de programul Erasmus+ \u0219i Movetia.<\/p>\n\n<p>Erasmus+ este programul UE de sprijinire a educa\u021biei, form\u0103rii, tineretului \u0219i sportului \u00een Europa. Pute\u021bi g\u0103si mai multe informa\u021bii la <a href=\"https:\/\/erasmus-plus.ec.europa.eu\/\" target=\"_blank\" rel=\"noreferrer noopener\">https:\/\/erasmus-plus.ec.europa.eu\/<\/a>. <\/p>\n\n<p>Movetia promoveaz\u0103 schimburile, mobilitatea \u0219i cooperarea \u00een domeniul educa\u021biei, al form\u0103rii continue \u0219i al muncii cu tinerii &#8211; \u00een Elve\u021bia, Europa \u0219i \u00een \u00eentreaga lume. Pute\u021bi g\u0103si mai multe informa\u021bii la <a href=\"https:\/\/movetia.ch\" data-type=\"link\" data-id=\"https:\/\/movetia.ch\" target=\"_blank\" rel=\"noreferrer noopener\">https:\/\/movetia.ch<\/a>. <\/p>\n","protected":false},"excerpt":{"rendered":"<p>\u00cen zilele noastre, multe persoane se confrunt\u0103 \u00eenc\u0103 cu marginalizarea \u00een comunicare. Fie c\u0103 este vorba de persoane cu dificult\u0103\u021bi de vorbire sau cu dizabilit\u0103\u021bi de vorbire, deficien\u021be de auz, autism, sindromul Down sau persoane care vorbesc o alt\u0103 limb\u0103 matern\u0103, comunicarea r\u0103m\u00e2ne complex\u0103 \u0219i exclusiv\u0103. \u00cen consecin\u021b\u0103, CAA (comunicare alternativ\u0103 \u0219i augmentativ\u0103) pare a [&hellip;]<\/p>\n","protected":false},"author":1,"featured_media":0,"parent":0,"menu_order":0,"comment_status":"closed","ping_status":"closed","template":"","meta":{"_acf_changed":false,"_et_pb_use_builder":"off","_et_pb_old_content":"","_et_gb_content_width":"","footnotes":""},"class_list":["post-1288","page","type-page","status-publish","hentry"],"acf":[],"_links":{"self":[{"href":"https:\/\/plural-words.eu\/ro\/wp-json\/wp\/v2\/pages\/1288","targetHints":{"allow":["GET"]}}],"collection":[{"href":"https:\/\/plural-words.eu\/ro\/wp-json\/wp\/v2\/pages"}],"about":[{"href":"https:\/\/plural-words.eu\/ro\/wp-json\/wp\/v2\/types\/page"}],"author":[{"embeddable":true,"href":"https:\/\/plural-words.eu\/ro\/wp-json\/wp\/v2\/users\/1"}],"replies":[{"embeddable":true,"href":"https:\/\/plural-words.eu\/ro\/wp-json\/wp\/v2\/comments?post=1288"}],"version-history":[{"count":3,"href":"https:\/\/plural-words.eu\/ro\/wp-json\/wp\/v2\/pages\/1288\/revisions"}],"predecessor-version":[{"id":3191,"href":"https:\/\/plural-words.eu\/ro\/wp-json\/wp\/v2\/pages\/1288\/revisions\/3191"}],"wp:attachment":[{"href":"https:\/\/plural-words.eu\/ro\/wp-json\/wp\/v2\/media?parent=1288"}],"curies":[{"name":"wp","href":"https:\/\/api.w.org\/{rel}","templated":true}]}}